{"id":2223,"date":"2020-08-12T23:36:55","date_gmt":"2020-08-12T23:36:55","guid":{"rendered":"https:\/\/www.digicast.cl\/1\/?page_id=2223"},"modified":"2025-10-09T17:56:52","modified_gmt":"2025-10-09T17:56:52","slug":"clientes","status":"publish","type":"page","link":"https:\/\/www.digicast.cl\/1\/clientes\/","title":{"rendered":"Clientes"},"content":{"rendered":"\t\t<div data-elementor-type=\"wp-page\" data-elementor-id=\"2223\" class=\"elementor elementor-2223\" data-elementor-settings=\"[]\">\n\t\t\t<div class=\"elementor-inner\">\n\t\t\t\t<div class=\"elementor-section-wrap\">\n\t\t\t\t\t\t\t<section class=\"elementor-element elementor-element-700b3dd elementor-section-boxed elementor-section-height-default elementor-section-height-default elementor-section elementor-top-section\" data-id=\"700b3dd\" data-element_type=\"section\">\n\t\t\t\t\t\t<div class=\"elementor-container elementor-column-gap-default\">\n\t\t\t\t<div class=\"elementor-row\">\n\t\t\t\t<div class=\"elementor-element elementor-element-1cb8da8 elementor-column elementor-col-100 elementor-top-column\" data-id=\"1cb8da8\" data-element_type=\"column\">\n\t\t\t<div class=\"elementor-column-wrap  elementor-element-populated\">\n\t\t\t\t\t<div class=\"elementor-widget-wrap\">\n\t\t\t\t<div class=\"elementor-element elementor-element-6763c6e elementor-widget elementor-widget-spacer\" data-id=\"6763c6e\" data-element_type=\"widget\" data-widget_type=\"spacer.default\">\n\t\t\t\t<div class=\"elementor-widget-container\">\n\t\t\t\t\t<div class=\"elementor-spacer\">\n\t\t\t<div class=\"elementor-spacer-inner\"><\/div>\n\t\t<\/div>\n\t\t\t\t<\/div>\n\t\t\t\t<\/div>\n\t\t\t\t<div class=\"elementor-element elementor-element-b60b5be elementor-widget elementor-widget-text-editor\" data-id=\"b60b5be\" data-element_type=\"widget\" data-widget_type=\"text-editor.default\">\n\t\t\t\t<div class=\"elementor-widget-container\">\n\t\t\t\t\t<div class=\"elementor-text-editor elementor-clearfix\"><h5 style=\"text-align: center;\">Nuestros clientes se ubican en todo Chile, tanto grandes y peque\u00f1as empresas as\u00ed como universidades, colegios y\u00a0organizaciones\u00a0comunitarias.<\/h5><\/div>\n\t\t\t\t<\/div>\n\t\t\t\t<\/div>\n\t\t\t\t\t\t<\/div>\n\t\t\t<\/div>\n\t\t<\/div>\n\t\t\t\t\t\t<\/div>\n\t\t\t<\/div>\n\t\t<\/section>\n\t\t\t\t<section class=\"elementor-element elementor-element-416d11f elementor-section-boxed elementor-section-height-default elementor-section-height-default elementor-section elementor-top-section\" data-id=\"416d11f\" data-element_type=\"section\">\n\t\t\t\t\t\t<div class=\"elementor-container elementor-column-gap-default\">\n\t\t\t\t<div class=\"elementor-row\">\n\t\t\t\t<div class=\"elementor-element elementor-element-52de1bd elementor-column elementor-col-50 elementor-top-column\" data-id=\"52de1bd\" data-element_type=\"column\">\n\t\t\t<div class=\"elementor-column-wrap  elementor-element-populated\">\n\t\t\t\t\t<div class=\"elementor-widget-wrap\">\n\t\t\t\t<div class=\"elementor-element elementor-element-5e944da elementor-widget elementor-widget-text-editor\" data-id=\"5e944da\" data-element_type=\"widget\" data-widget_type=\"text-editor.default\">\n\t\t\t\t<div class=\"elementor-widget-container\">\n\t\t\t\t\t<div class=\"elementor-text-editor elementor-clearfix\"><ul><li class=\"font_8\">Accionet SpA<\/li><li class=\"font_8\">Bronet Telecomunicaciones Ltda.<\/li><li class=\"font_8\">Redvisi\u00f3n SpA<\/li><li class=\"font_8\">Nevados de Chill\u00e1n<\/li><li class=\"font_8\"><span class=\"color_30\">Cotimax Telecomunicaciones<\/span><\/li><li class=\"font_8\"><span class=\"color_30\">Cooperativa Rural El\u00e9ctrica R\u00edo Bueno<\/span><\/li><li class=\"font_8\"><span class=\"color_30\">Compa\u00f1\u00eda Minera Teck, Quebrada Blanca<\/span><\/li><li class=\"font_8\"><span class=\"color_30\">Seminarium<\/span><\/li><li class=\"font_8\"><span class=\"color_30\">Netlatin S.A.<\/span><\/li><li class=\"font_8\"><span class=\"color_30\">C\u00e1mara Chilena de la Construcci\u00f3n<\/span><\/li><li class=\"font_8\"><span class=\"color_30\">Ibrainet SpA<\/span><\/li><li class=\"font_8\"><span class=\"color_30\">Televisi\u00f3n Nacional de Chile<\/span><\/li><li class=\"font_8\"><span class=\"color_30\">Pasi\u00f3n Chilena TV, Canal Digital 16.2\u00a0 Talca y Concepci\u00f3n<\/span><\/li><li class=\"font_8\"><span class=\"color_30\">La Popular TV, Canal Digital 16.2 La Serena y Coquimbo<\/span><\/li><li class=\"font_8\"><span class=\"color_30\">Radio La Serena TV, Canal Digital 16.3 La Serena y Coquimbo<\/span><\/li><li class=\"font_8\"><span class=\"color_30\">SC\u00d1 TV, Canal Digital 46.1, Chill\u00e1n<\/span><\/li><li class=\"font_8\"><span class=\"color_30\">MCD TV, Canal Digital 38.1, Osorno<\/span><\/li><li class=\"font_8\"><span class=\"color_30\">Soberan\u00eda TV, Canal Digital 42.1, Punta Arenas<\/span><\/li><li class=\"font_8\"><span class=\"color_30\">Alta Frontera TV, Canal Digital 32, Los Angeles<\/span><\/li><li class=\"font_8\"><span class=\"color_30\">Nativa TV, Canal Digital 16.1, La Serena-Coquimbo, Talca, Concepci\u00f3n y Temuco.<\/span><\/li><li class=\"font_8\"><span class=\"color_30\">Am\u00e9rica TV, Canal Digital 49.1, La Serena y Coquimbo<\/span><\/li><li class=\"font_8\"><span class=\"color_30\">TV7, Canal Digital 45.1 Talca<\/span><\/li><li class=\"font_8\"><span class=\"color_30\">Elquina TV, Canal 5, Vicu\u00f1a<\/span><\/li><li class=\"font_8\"><span class=\"color_30\">GVisi\u00f3n, Canal 40 UHF Tom\u00e9<\/span><\/li><li class=\"font_8\"><span class=\"color_30\">Evavisi\u00f3n, Canal 4, Puerto Natales<\/span><\/li><li class=\"font_8\"><span class=\"color_30\">Iberoamericana Radio Chile<\/span><\/li><li class=\"font_8\"><span class=\"color_30\">Radio Digital FM, red nacional<\/span><\/li><li class=\"font_8\"><span class=\"color_30\">Radio Armon\u00eda FM, red nacional<\/span><\/li><li class=\"font_8\"><span class=\"color_30\">Radio Agricultura FM, 92.1, Santiago<\/span><\/li><li class=\"font_8\"><span class=\"color_30\">Radio Pauta FM, 100.5, Santiago<\/span><\/li><li class=\"font_8\"><span class=\"color_30\">Radio La Metro FM, 95,9, Santiago<\/span><\/li><li class=\"font_8\"><span class=\"color_30\">Radio Maria FM, red nacional<\/span><\/li><li class=\"font_8\"><span class=\"color_30\">Radio Lampa FM, 94.9, Lampa<\/span><\/li><li class=\"font_8\"><span class=\"color_30\">Radio Edelweiss FM, red sur<\/span><\/li><li class=\"font_8\"><span class=\"color_30\">Radio Mirador FM, red sur<\/span><\/li><li class=\"font_8\"><span class=\"color_30\">Radio FM M\u00e1s, 89.1, Arica<\/span><\/li><li class=\"font_8\"><span class=\"color_30\">Radio Primavera FM, 93.5, Arica<\/span><\/li><li class=\"font_8\"><span class=\"color_30\">Radio Estaci\u00f3n 80 FM, 90.9 Arica<\/span><\/li><li class=\"font_8\"><span class=\"color_30\">Radio Municipal FM, 93.3, Iquique<\/span><\/li><li class=\"font_8\"><span class=\"color_30\">Radio Bravissima FM, 88.7, Iquique<\/span><\/li><li class=\"font_8\"><span class=\"color_30\">Radio\u00a0San Andr\u00e9s FM, 99.5 y\u00a090.9, Pica, 90.1, Huara\u00a0<\/span><\/li><li class=\"font_8\"><span class=\"color_30\">Radio 24\/7, Antofagasta<\/span><\/li><li class=\"font_8\"><span class=\"color_30\">Radio Universidad de Tarapac\u00e1, 95.9, Arica<\/span><\/li><li class=\"font_8\"><span class=\"color_30\">Radio Mar\u00eda Reina FM. 96.7, Calama<\/span><\/li><li class=\"font_8\"><span class=\"color_30\">Radio Alegr\u00eda del Transporte FM, 90.7 Calama, 95.3 San Pedro de Atacama\u00a0<\/span><\/li><li class=\"font_8\"><span class=\"color_30\">Radio El Sonido de la Vida, 93.1, Calama<\/span><\/li><li class=\"font_8\"><span class=\"color_30\">Radio Taltal FM, 103.7, Taltal<\/span><\/li><li class=\"font_8\"><span class=\"color_30\">Radio StarMix FM, 100.1, Cha\u00f1aral<\/span><\/li><li class=\"font_8\"><span class=\"color_30\">Radio Tamarugal, 97.5, Caldera<\/span><\/li><li class=\"font_8\"><span class=\"color_30\">Radio La Familia FM, 98.3, Barranquilla<\/span><\/li><li class=\"font_8\"><span class=\"color_30\">Radio Candelaria FM, 106.7 Copiap\u00f3 &#8211; Tierra Amarilla, 95.1 Los Loros, 89.1 Caldera<\/span><\/li><li class=\"font_8\"><span class=\"color_30\">HVA Radio, 96.3, Freirina<\/span><\/li><li class=\"font_8\"><span class=\"color_30\">Radio Santuario FM, 92.3, Vallenar<\/span><\/li><li class=\"font_8\"><span class=\"color_30\">Radio Panorama FM, 90.9 Vallenar, 97.7 Punitaqui<\/span><\/li><li class=\"font_8\"><span class=\"color_30\">Radio Elquina FM, 100.5 Red Valle de Elqui, Vicu\u00f1a, Nueva Talcuna, \u00a0Varillar, Huanta<\/span><\/li><li class=\"font_8\"><span class=\"color_30\">Radio Ruta Norte FM, Red Regional<\/span><\/li><li class=\"font_8\"><span class=\"color_30\">Radio Elqui FM, 96.9, Vicu\u00f1a<\/span><\/li><li class=\"font_8\"><span class=\"color_30\">Radio Astron\u00f3mica FM,\u00a091.5\u00a0Vicu\u00f1a, 96.9\u00a0Paihuano<\/span><\/li><li class=\"font_8\"><span class=\"color_30\">Radio Pisco FM, 100.1, Pisco Elqui<\/span><\/li><li class=\"font_8\"><span class=\"color_30\">Radio Vale FM, 103.1, Vicu\u00f1a, 104.5 El Salado<\/span><\/li><li class=\"font_8\"><span class=\"color_30\">Radio San Bartolom\u00e9 FM, 96.7, La Serena, 103.5 Punitaqui<\/span><\/li><li class=\"font_8\"><span class=\"color_30\">Radio Choapa FM, Illapel, La Higuera, Salamanca, Combarbal\u00e1, Canela, Mincha Norte<\/span><\/li><li class=\"font_8\"><span class=\"color_30\">Radio Asunci\u00f3n FM, 92.3, Canela<\/span><\/li><li class=\"font_8\"><span class=\"color_30\">Telmar Ltda.<\/span><\/li><li class=\"font_8\"><span class=\"color_30\">Radio Olimpo FM, 95.5, Los Vilos<\/span><\/li><li class=\"font_8\"><span class=\"color_30\">Radio Los Vilos FM, 99.1, Los Vilos<\/span><\/li><li class=\"font_8\"><span class=\"color_30\">Radio Dulce FM, 100.3, Valle de Aconcagua<\/span><\/li><li class=\"font_8\"><span class=\"color_30\">Radio Beat FM, 98.7, Valle de Anconcagua<\/span><\/li><li class=\"font_8\"><span class=\"color_30\">Radio Stella Maris AM, Valpara\u00edso<\/span><\/li><li class=\"font_8\"><span class=\"color_30\">Radio Ilusi\u00f3n FM, 94.5, LLay LLay<\/span><\/li><li class=\"font_8\"><span class=\"color_30\">Radio Costanera FM, 96.7, San Antonio<\/span><\/li><li class=\"font_8\"><span class=\"color_30\">Radio En San Pedro FM, 105.7, San Pedro<\/span><\/li><li class=\"font_8\"><span class=\"color_30\">Radio Santa Cruz FM, 94.3, Santa Cruz<\/span><\/li><li class=\"font_8\"><span class=\"color_30\">Radio FM M\u00e1s, 88.9 , Ch\u00e9pica<\/span><\/li><li class=\"font_8\"><span class=\"color_30\">Radio RTL FM, 95.5, Curic\u00f3<\/span><\/li><li class=\"font_8\"><span class=\"color_30\">Radio Paloma FM, 97.5, Talca<\/span><\/li><li class=\"font_8\"><span class=\"color_30\">Radio Marisol FM, 101.5, Talca<\/span><\/li><li class=\"font_8\"><span class=\"color_30\">Radio Exitosa FM. 88.5\u00a0Talca<\/span><\/li><li class=\"font_8\"><span class=\"color_30\">Radio Zona 4 FM, 95.9, Talca &#8211; San Javier, 91.5 Cauquenes<\/span><\/li><li class=\"font_8\"><span class=\"color_30\">Radio Centenario AM, 1.500, San Javier<\/span><\/li><li class=\"font_8\"><span class=\"color_30\">Radio Olejaes FM, 92.5, Constituci\u00f3n<\/span><\/li><li class=\"font_8\"><span class=\"color_30\">Radio Studio FM, 94.7, Linares<\/span><\/li><li class=\"font_8\"><span class=\"color_30\">Radio Frecuencia Uno FM, 103.5, Linares<\/span><\/li><li class=\"font_8\"><span class=\"color_30\">Radio Sof\u00eda FM, 99.1, Cauquenes<\/span><\/li><li class=\"font_8\"><span class=\"color_30\">Radio Chanquina FM, 104.1, Chanco<\/span><\/li><li class=\"font_8\"><span class=\"color_30\">Radio Zonar FM, 104.1, Villa Prat<\/span><\/li><li class=\"font_8\"><span class=\"color_30\">Radio Don Mat\u00edas FM,\u00a0106.1 Lota &#8211; Coronel, 99.7 Tir\u00faa<\/span><\/li><li class=\"font_8\"><span class=\"color_30\">Radio Din\u00e1mica FM, 100.7, Coronel<\/span><\/li><li class=\"font_8\"><span class=\"color_30\">Radio Isidora FM, 94.7, Coronel<\/span><\/li><li class=\"font_8\"><span class=\"color_30\">Radio Emotiva FM, 92.1, Coronel<\/span><\/li><li class=\"font_8\"><span class=\"color_30\">Radio Estefan\u00eda, 105.3, Curanilahue<\/span><\/li><li class=\"font_8\"><span class=\"color_30\">Radio Interactiva FM, Red \u00d1uble<\/span><\/li><li class=\"font_8\"><span class=\"color_30\">ABC Radio, 101.7, Chill\u00e1n<\/span><\/li><li class=\"font_8\"><span class=\"color_30\">Radio Regina Coeli, 95.3, Los Angeles<\/span><\/li><li class=\"font_8\"><span class=\"color_30\">Radio Sur FM, 92.1, Los Angeles<\/span><\/li><li class=\"font_8\"><span class=\"color_30\">Radio Popular FM,\u00a092.5, Nueva Imperial<\/span><\/li><li class=\"font_8\"><span class=\"color_30\">Radio Nativa FM, 98.5, Puc\u00f3n<\/span><\/li><li class=\"font_8\"><span class=\"color_30\">Radio\u00a0Picarona, 93.9 Puc\u00f3n, 97.7\u00a0Villarrica, 102.5 Panguipulli, 101.1 Liqui\u00f1e, 99.5 Neltume, 95.1 Puerto Fuy<\/span><\/li><li class=\"font_8\"><span class=\"color_30\">Radio San Antonio FM, 100.3, Nueva Tolt\u00e9n<\/span><\/li><li class=\"font_8\"><span class=\"color_30\">Radio Universal FM, 94.7, Pitrufqu\u00e9n<\/span><\/li><li class=\"font_8\"><span class=\"color_30\">Radio San Jos\u00e9 FM, 89.7, San Jos\u00e9 de la Mariquina<\/span><\/li><li class=\"font_8\"><span class=\"color_30\">Radio Exquisita FM, 93.1, Valdivia<\/span><\/li><li class=\"font_8\"><span class=\"color_30\">Radio Madre de Dios FM, 96.1, San Jos\u00e9 de la Mariquina\u00a0<\/span><\/li><li class=\"font_8\"><span class=\"color_30\">Radio Matices FM, 88.7 R\u00edo Bueno, 89.5 Puyehue\u00a0<\/span><\/li><li class=\"font_8\"><span class=\"color_30\">Radio San Jos\u00e9 de Alcudia AM, 1.540, R\u00edo Bueno<\/span><\/li><li class=\"font_8\"><span class=\"color_30\">M\u00e1s Radio FM, 95.9 La Uni\u00f3n, 89.3 Futrono<\/span><\/li><li class=\"font_8\"><span class=\"color_30\">Radio Musicoop FM, 96.5, Osorno<\/span><\/li><li class=\"font_8\"><span class=\"color_30\">Radio La Palabra FM, 101.5, Osorno<\/span><\/li><li class=\"font_8\"><span class=\"color_30\">CLG Radio FM, 93.5, Osorno<\/span><\/li><li class=\"font_8\"><span class=\"color_30\">Radio Reloncav\u00ed, 101.5, Puerto Montt<\/span><\/li><li class=\"font_8\"><span class=\"color_30\">Radio Oceano FM, 88.9, Bah\u00eda Mansa<\/span><\/li><li class=\"font_8\"><span class=\"color_30\">Radio Purranque FM, 104.1, Purranque<\/span><\/li><li class=\"font_8\"><span class=\"color_30\">Radio Estrella del Mar FM, Red Sur<\/span><\/li><li class=\"font_8\"><span class=\"color_30\">Radio NTR FM, 88.7 Castro, 101.7 Ancud<\/span><\/li><li class=\"font_8\"><span class=\"color_30\">Radio Hito Cero FM, 90.3, Quell\u00f3n<\/span><\/li><li class=\"font_8\"><span class=\"color_30\">Radio Quell\u00f3n FM, 100.5 Quell\u00f3n, 101.1 Ancud<\/span><\/li><li class=\"font_8\"><span class=\"color_30\">Radio Hualaihu\u00e9 FM, 89.7 Hornopir\u00e9n, 97.9 Contao<\/span><\/li><li class=\"font_8\"><span class=\"color_30\">Radio Chait\u00e9n FM, 105.7 Chait\u00e9n, 93.1 Villa Santa Luc\u00eda, 89.5 Palena, 91.1 Futaleuf\u00fa<\/span><\/li><li class=\"font_8\"><span class=\"color_30\">Radio La Melinkana FM, 101.3 Melinka<\/span><\/li><li class=\"font_8\"><span class=\"color_30\">The Classic Music Radio FM, 88.3, Melinka<\/span><\/li><li class=\"font_8\"><span class=\"color_30\">Radio Sol del Sur FM, 88.1, Coyhaique<\/span><\/li><li class=\"font_8\"><span class=\"color_30\">Radio Panor\u00e1mica FM, 99.3, Puerto Ays\u00e9n<\/span><\/li><li class=\"font_8\"><span class=\"color_30\">Radio FM del Sol, 100.3, Villa Ma\u00f1ihuales<\/span><\/li><li class=\"font_8\"><span class=\"color_30\">Radio C\u00f3ndores del Baker FM, 88.1, Cochrane<\/span><\/li><li class=\"font_8\"><span class=\"color_30\">Radio Natalissima, 96.5, Puerto Natales<\/span><\/li><li class=\"font_8\"><span class=\"color_30\">Radio La Voz del Mar FM, 104.1, Puerto Cisnes<\/span><\/li><li class=\"font_8\"><span class=\"color_30\">Radio Soberan\u00eda FM, 94.1, Punta Arenas<\/span><\/li><\/ul><\/div>\n\t\t\t\t<\/div>\n\t\t\t\t<\/div>\n\t\t\t\t\t\t<\/div>\n\t\t\t<\/div>\n\t\t<\/div>\n\t\t\t\t<div class=\"elementor-element elementor-element-d935ff9 elementor-column elementor-col-50 elementor-top-column\" data-id=\"d935ff9\" data-element_type=\"column\">\n\t\t\t<div class=\"elementor-column-wrap  elementor-element-populated\">\n\t\t\t\t\t<div class=\"elementor-widget-wrap\">\n\t\t\t\t<div class=\"elementor-element elementor-element-98c9d63 elementor-widget elementor-widget-text-editor\" data-id=\"98c9d63\" data-element_type=\"widget\" data-widget_type=\"text-editor.default\">\n\t\t\t\t<div class=\"elementor-widget-container\">\n\t\t\t\t\t<div class=\"elementor-text-editor elementor-clearfix\"><ul><li class=\"font_8\"><span class=\"color_30\">Radio Manantial, Antofagasta, Alto Hospicio, Arica, Tocopilla, Taltal, Macul, San Fernando, Punta Arenas<\/span><\/li><li class=\"font_8\"><span class=\"color_30\">Radio 107.7 FM, Iquique<\/span><\/li><li class=\"font_8\"><span class=\"color_30\">Radio Whipala FM, 107.5, Calama<\/span><\/li><li class=\"font_8\"><span class=\"color_30\">Radio Fuego FM, 107.9, Ovalle<\/span><\/li><li class=\"font_8\"><span class=\"color_30\">Radio El Redentor FM, 107.5, Ovalle<\/span><\/li><li class=\"font_8\"><span class=\"color_30\">Radio Creativa FM, 107.5, Illapel<\/span><\/li><li class=\"font_8\"><span class=\"color_30\">Radio Sol de Justicia, 107.9, Illapel<\/span><\/li><li class=\"font_8\"><span class=\"color_30\">Radio Liceo Samuel Rom\u00e1n Rojas FM, 107.1, Combarbal\u00e1<\/span><\/li><li class=\"font_8\"><span class=\"color_30\">Radio\u00a0Nocedal FM, 107.7, La Pintana<\/span><\/li><li class=\"font_8\"><span class=\"color_30\">Radio Impacto FM, 107.1, San Ram\u00f3n<\/span><\/li><li class=\"font_8\"><span class=\"color_30\">Radio Misi\u00f3n Vida FM<\/span><span class=\"color_30\">, 107.9, Lo Barnechea<\/span><\/li><li class=\"font_8\"><span class=\"color_30\">Radio Manos Unidas FM, 106.7, Casablanca, Quintay<\/span><\/li><li class=\"font_8\"><span class=\"color_30\">Radio Curacav\u00ed FM, 106.7, Curacav\u00ed<\/span><\/li><li class=\"font_8\"><span class=\"color_30\">Radio F\u00e1tima FM, 107.9, Los Andes<\/span><\/li><li class=\"font_8\"><span class=\"color_30\">Radio RCC FM, 107.7, Codegua<\/span><\/li><li class=\"font_8\"><span class=\"color_30\">Radio Cardenal Silva Henr\u00edquez FM, 107.3, Placilla<\/span><\/li><li class=\"font_8\"><span class=\"color_30\">Radio Licant\u00e9n FM, 107.3, Licant\u00e9n<\/span><\/li><li class=\"font_8\"><span class=\"color_30\">Radio Conexi\u00f3n Deporte FM, 107.3, Curic\u00f3<\/span><\/li><li class=\"font_8\"><span class=\"color_30\">Radio Cantentoa FM, 107.3, Longav\u00ed<\/span><\/li><li class=\"font_8\"><span class=\"color_30\">Radio Emmanuel FM, 107.3, Chill\u00e1n<\/span><\/li><li class=\"font_8\"><span class=\"color_30\">Radio Proyecci\u00f3n FM, 107.3, Campanario<\/span><\/li><li class=\"font_8\"><span class=\"color_30\">Radio Fuente de Vida, 107.5, Laja<\/span><\/li><li class=\"font_8\"><span class=\"color_30\">Radio Buenas Nuevas FM, 107.9, Curanilahue<\/span><\/li><li class=\"font_8\"><span class=\"color_30\">Radio Elohim FM, 107.3, Coronel<\/span><\/li><li class=\"font_8\"><span class=\"color_30\">Radio Tiempo de Gracia FM, 107.7, Coronel<\/span><\/li><li class=\"font_8\"><span class=\"color_30\">Radio Uni\u00f3n Iglesias Evang\u00e9licas FM, 107.9, Ca\u00f1ete<\/span><\/li><li class=\"font_8\"><span class=\"color_30\">Radio Nueva Esperanza FM, 107.7, Laraquete<\/span><\/li><li class=\"font_8\"><span class=\"color_30\">Radio Colegio San Bernardino de Sena FM, 107.9, Mulch\u00e9n<\/span><\/li><li class=\"font_8\"><span class=\"color_30\">Radio Pehu\u00e9n FM, 107.9, Curacaut\u00edn<\/span><\/li><li class=\"font_8\"><span class=\"color_30\">Radio 107.5, FM,\u00a0 Villarrica<\/span><\/li><li class=\"font_8\"><span class=\"color_30\">Radio Oasis FM, 107.1, Puerto Nuevo<\/span><\/li><li class=\"font_8\"><span class=\"color_30\">Radio Universidad de Los Lagos FM, 107.5, Osorno<\/span><\/li><li class=\"font_8\"><span class=\"color_30\">Radio Fortaleza FM, 107.3, Osorno<\/span><\/li><li class=\"font_8\"><span class=\"color_30\">Radio Oc\u00e9ano FM, 107.9, Puchuncav\u00ed<\/span><\/li><li>Radio Modelo FM, 106.1, Pe\u00f1alol\u00e9n<\/li><li>Radio La Cruz de Gulutren FM, 107.7, Peumo<\/li><li>Radio Sure\u00f1a FM, 107.5, Collipulli<\/li><li>Radio San Pablo FM, 107.7, Antofagasta<\/li><li>Radio Bendici\u00f3n FM, 107.1, Carelmapu<\/li><li>Radio Voces FM, 107.7, Andacollo<\/li><li>Radio Entre R\u00edos FM, 107.1, Coyhaique<\/li><li>Radio Encuentro FM, 107.3, Coinco<\/li><li>Radio Sur FM, 107.1, Mariquina<\/li><li>Radio Compa\u00f1\u00eda FM, 107.5, La Serena<\/li><li>Radio San Antonio de Padua FM, 107.7, Linares<\/li><li>Radio Santuario FM, 107.1, Cha\u00f1aral<\/li><\/ul><\/div>\n\t\t\t\t<\/div>\n\t\t\t\t<\/div>\n\t\t\t\t\t\t<\/div>\n\t\t\t<\/div>\n\t\t<\/div>\n\t\t\t\t\t\t<\/div>\n\t\t\t<\/div>\n\t\t<\/section>\n\t\t\t\t\t\t<\/div>\n\t\t\t<\/div>\n\t\t<\/div>\n\t\t","protected":false},"excerpt":{"rendered":"<p>Nuestros clientes se ubican en todo Chile, tanto grandes y peque\u00f1as empresas as\u00ed como universidades, colegios y&nbsp;organizaciones&nbsp;comunitarias. Accionet SpA Bronet Telecomunicaciones Ltda. Redvisi\u00f3n SpA Nevados de Chill\u00e1n Cotimax Telecomunicaciones Cooperativa Rural El\u00e9ctrica R\u00edo Bueno Compa\u00f1\u00eda Minera Teck, Quebrada Blanca Seminarium Netlatin S.A. C\u00e1mara Chilena de la Construcci\u00f3n Ibrainet SpA Televisi\u00f3n Nacional de Chile Pasi\u00f3n Chilena [&hellip;]<\/p>\n","protected":false},"author":1,"featured_media":0,"parent":0,"menu_order":0,"comment_status":"closed","ping_status":"closed","template":"","meta":[],"_links":{"self":[{"href":"https:\/\/www.digicast.cl\/1\/wp-json\/wp\/v2\/pages\/2223"}],"collection":[{"href":"https:\/\/www.digicast.cl\/1\/wp-json\/wp\/v2\/pages"}],"about":[{"href":"https:\/\/www.digicast.cl\/1\/wp-json\/wp\/v2\/types\/page"}],"author":[{"embeddable":true,"href":"https:\/\/www.digicast.cl\/1\/wp-json\/wp\/v2\/users\/1"}],"replies":[{"embeddable":true,"href":"https:\/\/www.digicast.cl\/1\/wp-json\/wp\/v2\/comments?post=2223"}],"version-history":[{"count":31,"href":"https:\/\/www.digicast.cl\/1\/wp-json\/wp\/v2\/pages\/2223\/revisions"}],"predecessor-version":[{"id":2558,"href":"https:\/\/www.digicast.cl\/1\/wp-json\/wp\/v2\/pages\/2223\/revisions\/2558"}],"wp:attachment":[{"href":"https:\/\/www.digicast.cl\/1\/wp-json\/wp\/v2\/media?parent=2223"}],"curies":[{"name":"wp","href":"https:\/\/api.w.org\/{rel}","templated":true}]}}